{"id":5469,"date":"2021-11-23T00:41:38","date_gmt":"2021-11-22T23:41:38","guid":{"rendered":"http:\/\/www.jcbechet.com\/?page_id=5469"},"modified":"2021-11-23T00:46:28","modified_gmt":"2021-11-22T23:46:28","slug":"auto-edition-livres-dartistes","status":"publish","type":"page","link":"https:\/\/www.jcbechet.com\/?page_id=5469","title":{"rendered":"Auto-Edition &#038; livres d&rsquo;artistes"},"content":{"rendered":"<p><a href=\"http:\/\/www.jcbechet.com\/wp-content\/uploads\/2021\/11\/JCB-000.jpg\"><img loading=\"lazy\" decoding=\"async\" class=\"aligncenter  wp-image-5470\" alt=\"Photobook\" src=\"http:\/\/www.jcbechet.com\/wp-content\/uploads\/2021\/11\/JCB-000.jpg\" width=\"729\" height=\"950\" srcset=\"https:\/\/www.jcbechet.com\/wp-content\/uploads\/2021\/11\/JCB-000.jpg 729w, https:\/\/www.jcbechet.com\/wp-content\/uploads\/2021\/11\/JCB-000-230x300.jpg 230w, https:\/\/www.jcbechet.com\/wp-content\/uploads\/2021\/11\/JCB-000-1x1.jpg 1w\" sizes=\"(max-width: 729px) 100vw, 729px\" \/><\/a><\/p>\n<p><strong>Clocks &amp; Clouds, aux \u00e9ditions Le Pas du Trem, 60 pages, 40E<\/strong><br \/>\n<strong> Une \u00e9dition limit\u00e9e avec un tirage original de l\u2019auteur est disponible (120 E)<\/strong><br \/>\n(contact : jcbechet@gmail.com)<\/p>\n<div title=\"Page 1\">\n<div>\n<div>\n<div>\n<p>L\u2019horlogerie et la photographie, voila\u0300 deux arts qui posse\u0300dent de nombreux points communs. Leur rapport direct au temps, d\u2019abord, avec pour les deux, la mai\u0302trise des centie\u0300mes de seconde et des instants de\u0301cisifs pour cre\u0301er, in fine, des oeuvres intemporelles. Leur nouveau statut dans le monde nume\u0301rique les re\u0301unit aussi : nous n\u2019avons plus besoin d\u2019une montre pour connai\u0302tre l\u2019heure, ni d\u2019un appareil photo pour capturer des images souvenirs. La montre est devenue un objet de plaisir, concret, tangible, fascinant par sa me\u0301canique de pre\u0301cision. Quant a\u0300 la photographie, son ro\u0302le n\u2019est plus de te\u0301moigner du re\u0301el, mais d\u2019en proposer une e\u0301vocation artistique riche en questionnements et en poe\u0301sie.<\/p>\n<p>Derrie\u0300re ces analogies, se joue aussi un e\u0301trange dialogue ou\u0300 cohabitent, parfois difficilement, parfois harmonieusement, la science et l\u2019art, la connaissance technique et la tentation esthe\u0301tique. D\u2019un co\u0302te\u0301 la rigueur mathe\u0301matique et les lois de la me\u0301canique. De l\u2019autre, l\u2019envie de liberte\u0301 et le besoin d\u2019improvisation, de hasard, de surprises. C\u2019est cette dualite\u0301 que j\u2019ai voulu mettre en e\u0301vidence en m\u2019appuyant sur la the\u0301orie musicale du compositeur Gyo\u0308rgy Ligeti (1923-2006). Pour Ligeti, l\u2019action musicale passe par un processus de dissolution des \u201chorloges\u201d en \u201cnuages\u201d puis de condensation et de mate\u0301rialisation des \u201cnuages\u201d en \u201chorloges\u201d. Dans ce double mouvement cre\u0301atif, les horloges symbolisent la performance technologique et les nuages repre\u0301sentent la part ne\u0301cessaire de poe\u0301sie, d\u2019inspiration intuitive et fulgurante, qui permet de contrecarrer le seul pouvoir de la technique.<\/p>\n<p>Re\u0301unir les Clocks et les Clouds, les faire jouer ensemble, tel est le pari de ce travail ou\u0300 j\u2019associe des photographies de me\u0301canique horloge\u0300re en noir &amp; blanc et des paysages couleur de l\u2019Arc jurassien, en France comme en Suisse. Ainsi se confrontent un univers me\u0301tallique aux formes saillantes et coupantes et des collines vertes, calmes et apaisantes. C\u2019est ce dialogue, parfois e\u0301nigmatique, souvent e\u0301trange, mais au final harmonieux, du moins je l\u2019espe\u0300re, qui s\u2019e\u0301labore ici. Avec l\u2019espoir de fondre ces deux re\u0301alite\u0301s paralle\u0300les dans un seul et me\u0302me patrimoine culturel immate\u0301riel.<\/p>\n<\/div>\n<\/div>\n<\/div>\n<\/div>\n<p>&nbsp;<\/p>\n","protected":false},"excerpt":{"rendered":"<p>Clocks &amp; Clouds, aux \u00e9ditions Le Pas du Trem, 60 pages, 40E Une \u00e9dition limit\u00e9e avec un tirage original de l\u2019auteur est disponible (120 E) (contact : jcbechet@gmail.com) L\u2019horlogerie et la photographie, voila\u0300 deux&#46;&#46;&#46;<\/p>\n","protected":false},"author":1,"featured_media":0,"parent":0,"menu_order":0,"comment_status":"closed","ping_status":"closed","template":"","meta":{"footnotes":""},"class_list":["post-5469","page","type-page","status-publish","hentry"],"_links":{"self":[{"href":"https:\/\/www.jcbechet.com\/index.php?rest_route=\/wp\/v2\/pages\/5469"}],"collection":[{"href":"https:\/\/www.jcbechet.com\/index.php?rest_route=\/wp\/v2\/pages"}],"about":[{"href":"https:\/\/www.jcbechet.com\/index.php?rest_route=\/wp\/v2\/types\/page"}],"author":[{"embeddable":true,"href":"https:\/\/www.jcbechet.com\/index.php?rest_route=\/wp\/v2\/users\/1"}],"replies":[{"embeddable":true,"href":"https:\/\/www.jcbechet.com\/index.php?rest_route=%2Fwp%2Fv2%2Fcomments&post=5469"}],"version-history":[{"count":0,"href":"https:\/\/www.jcbechet.com\/index.php?rest_route=\/wp\/v2\/pages\/5469\/revisions"}],"wp:attachment":[{"href":"https:\/\/www.jcbechet.com\/index.php?rest_route=%2Fwp%2Fv2%2Fmedia&parent=5469"}],"curies":[{"name":"wp","href":"https:\/\/api.w.org\/{rel}","templated":true}]}}