{"id":2472,"date":"2012-09-15T23:08:43","date_gmt":"2012-09-15T21:08:43","guid":{"rendered":"http:\/\/www.jcbechet.com\/?page_id=2472"},"modified":"2025-08-02T14:49:05","modified_gmt":"2025-08-02T12:49:05","slug":"actualites","status":"publish","type":"page","link":"https:\/\/www.jcbechet.com\/?page_id=2472","title":{"rendered":"ACTUALIT\u00c9S"},"content":{"rendered":"\n<h1 class=\"wp-block-heading has-vivid-red-color has-text-color has-link-color wp-elements-b20abcbac3a03aa82b1f0732dd522253\"><em><strong>Deux nouveaux livres : <\/strong><\/em><br><em><strong>RIO PRAIA &amp; RIO CENTRO  <\/strong><\/em><\/h1>\n\n\n\n<figure class=\"wp-block-image size-large\"><a href=\"https:\/\/www.jcbechet.com\/wp-content\/uploads\/2025\/04\/K_017891.jpg\"><img loading=\"lazy\" decoding=\"async\" width=\"1024\" height=\"240\" src=\"https:\/\/www.jcbechet.com\/wp-content\/uploads\/2025\/04\/K_017891-1024x240.jpg\" alt=\"\" class=\"wp-image-6897\" srcset=\"https:\/\/www.jcbechet.com\/wp-content\/uploads\/2025\/04\/K_017891-1024x240.jpg 1024w, https:\/\/www.jcbechet.com\/wp-content\/uploads\/2025\/04\/K_017891-300x70.jpg 300w, https:\/\/www.jcbechet.com\/wp-content\/uploads\/2025\/04\/K_017891-768x180.jpg 768w, https:\/\/www.jcbechet.com\/wp-content\/uploads\/2025\/04\/K_017891.jpg 1200w\" sizes=\"(max-width: 1024px) 100vw, 1024px\" \/><\/a><\/figure>\n\n\n\n<p class=\"has-luminous-vivid-orange-color has-text-color has-link-color wp-elements-4ba32e3ef23e86c278c8cf0e5f1da76d\"><br><strong>RIO PRAIA<\/strong> \/ <strong>RIO CENTRO aux \u00c9ditions Loco<\/strong><\/p>\n\n\n\n<p class=\"has-black-color has-text-color has-link-color wp-elements-13dac43257a2d7346a30226f12273454\"><br>S<strong>ortie en librairie le 17 octobre 2025<br>Soir\u00e9e de remise aux souscripteurs du crowdfunding le 9 Octobre <br>\u00e0 Paris chez l&rsquo;\u00e9diteur (6 rue de Montmorency, 75003)<br><br>Format 25 x 33 cm \/ 128 pages<br>Environ 160 photos dans chaque livre<br>Prix de vente : 35 Euros (chaque livre)<br><br>Edition Collector avec calque, interventions manuscrites de l&rsquo;auteur sur le live <br>et tirage de t\u00eate sign\u00e9 et num\u00e9rot\u00e9 (format 20 x 30 cm) disponible aupr\u00e8s de l&rsquo;auteur<br>ou de l&rsquo;\u00e9diteur : <br>160 Euros chaque volume <br>280 pour les deux volumes en version Collector<\/strong><\/p>\n\n\n\n<p>Tout le monde conna\u00eet le nom de Rio (inutile de sp\u00e9cifier \u00ab&nbsp;de-Janeiro).<br>Que ce soit pour le football, le carnaval, le Christ r\u00e9dempteur, les pains de sucre, la Bossa Nova, ou la plage de Copacabana.<br>Loin du folklore et du pittoresque touristique, dans la lign\u00e9e de mes livres \u00ab&nbsp;Habana Song&nbsp;\u00bb et \u00ab&nbsp;Macadam Color&nbsp;\u00bb<br>j\u2019ai voulu faire un portrait intime et subjectif de cette ville aux deux visages.<br>D\u2019un c\u00f4t\u00e9 le monde des plages \u00ab\u00a0Rio Praia\u00a0\u00bb de l\u2019autre celui du centre-ville et des favelas, \u00ab\u00a0Rio Centro\u00a0\u00bb.<br>Deux livres jumeaux, qui se r\u00e9pondent par analogie et par contraste, en n&amp;b et en couleur.<br><\/p>\n\n\n\n<p><\/p>\n\n\n\n<p><\/p>\n\n\n\n<p><\/p>\n\n\n\n<p class=\"has-luminous-vivid-orange-color has-text-color has-link-color wp-elements-9057e270ba0139b8a51ba85bcd5c95c4\"><br><strong><em>FRENCHTOWN # 5<\/em> : <em>LURE (70)<\/em><\/strong> &#8211; DERNIERS EXEMPLAIRES<\/p>\n\n\n\n<figure class=\"wp-block-image size-large\"><a href=\"https:\/\/www.jcbechet.com\/wp-content\/uploads\/2025\/01\/LURE-OK-001-copie-1.jpg\"><img loading=\"lazy\" decoding=\"async\" width=\"1024\" height=\"329\" src=\"https:\/\/www.jcbechet.com\/wp-content\/uploads\/2025\/01\/LURE-OK-001-copie-1-1024x329.jpg\" alt=\"\" class=\"wp-image-6706\" srcset=\"https:\/\/www.jcbechet.com\/wp-content\/uploads\/2025\/01\/LURE-OK-001-copie-1-1024x329.jpg 1024w, https:\/\/www.jcbechet.com\/wp-content\/uploads\/2025\/01\/LURE-OK-001-copie-1-300x96.jpg 300w, https:\/\/www.jcbechet.com\/wp-content\/uploads\/2025\/01\/LURE-OK-001-copie-1-768x247.jpg 768w, https:\/\/www.jcbechet.com\/wp-content\/uploads\/2025\/01\/LURE-OK-001-copie-1.jpg 1500w\" sizes=\"(max-width: 1024px) 100vw, 1024px\" \/><\/a><\/figure>\n\n\n\n<p class=\"has-medium-font-size\"><br><strong>\u00ab&nbsp;<strong>Frenchtown # 5 : Lure (70)&nbsp;<\/strong>\u00bb<\/strong> <br><strong>\u00e9ditions Le Pas du Trem<br>44 Pages \/ 40 photos \/ 40 Euros <br>\u00c9dition avec un tirage limit\u00e9 et sign\u00e9 : 90 E<\/strong><\/p>\n\n\n\n<p>Apr\u00e8s Corbeil-Essonnes, Port-de-Bouc, Saint-Brieuc et Deauville, le cinqui\u00e8me volume de la s\u00e9rie \u00ab\u00a0Frenchtown\u00a0\u00bb est consacr\u00e9 \u00e0 Lure, une petite ville de Haute-Sa\u00f4ne, qui se situe entre Vesoul et Belfort. Sur place, de nombreux services publics ont ferm\u00e9 au fil des ans (tribunal de grande instance, commissariat, maternit\u00e9\u2026 ), l\u2019h\u00f4pital a perdu sa maternit\u00e9, son centre de soins intensifs, ses urgences de nuit puis sa cardiologie et sa chirurgie avant d\u2019\u00eatre finalement rattach\u00e9 \u00e0 l\u2019h\u00f4pital de Vesoul, \u00e0 30&nbsp;kilom\u00e8tres\u2026 La prison\/maison d\u2019arr\u00eat a aussi \u00e9t\u00e9 ferm\u00e9e. A chacun de mes voyages \u00e0 Lure, j\u2019ai eu la m\u00eame impression. Un grand sentiment de calme, la cit\u00e9 semble endormie, m\u00eame si son axe principal, la rue de la r\u00e9publique, connait un fort trafic routier. Sur le plan photographique la ville est un d\u00e9fi. Peu d\u2019activit\u00e9s humaines, ni de lieux marquants, mais une multitude de petites rues qui jouxtent de grands espaces d\u00e9serts. M\u00eame la Foire annuelle ne r\u00e9veille pas la ville. Le soir en revanche des nu\u00e9es d\u2019oiseaux envahissent le ciel et cr\u00e9ent un \u00e9tonnant ballet dans le ciel\u2026&nbsp; &nbsp;Comme d\u2019habitude, j\u2019ai choisi de m\u00ealer le noir &amp; blanc et la couleur et de faire la part belle aux architectures et aux \u00ab&nbsp;paysages habit\u00e9s&nbsp;\u00bb. Mes images ne d\u00e9montrent rien, elles \u00e9voquent des atmosph\u00e8res et des moments en suspension. Autant de micro-fictions que chacun peut interpr\u00e9ter \u00e0 sa fa\u00e7on. Entre documents du quotidien et po\u00e9sie visuelle, je cherche \u00e0 raconter un pays que beaucoup connaissent mal&nbsp;: la France. \u00c0 vol d&rsquo;oiseau, Paris est \u00e0 333 km, Lyon \u00e0 248 km, Marseille \u00e0 494 km. Mais comme pour la m\u00e9t\u00e9o o\u00f9 il y a la temp\u00e9rature r\u00e9elle et la temp\u00e9rature ressentie, il y a ici la distance \u00ab&nbsp;ressentie&nbsp;\u00bb&nbsp;: A Lure, la vie parisienne semble \u00eatre \u00e0 des milliers de kilom\u00e8tres de celles des Lurons et des Luronnes.&nbsp; Le prix de l\u2019immobilier parle de lui-m\u00eame avec un \u00e9cart qui peut aller de 1 \u00e0 20, voir de 1 \u00e0 30 avec la capitale\u2026&nbsp;<\/p>\n\n\n\n<p>&#8212;&#8212;&#8212;&#8212;&#8212;&#8212;&#8212;&#8212;&#8212;&#8212;&#8212;&#8212;&#8212;&#8212;&#8212;&#8212;&#8212;&#8212;&#8212;&#8212;&#8212;&#8212;&#8212;&#8212;&#8212;&#8212;&#8212;&#8212;&#8212;&#8212;&#8212;&#8212;&#8212;&#8212;&#8212;&#8212;&#8212;&#8212;&#8212;&#8212;&#8212;&#8212;&#8212;&#8212;&#8212;&#8212;&#8212;&#8212;&#8212;&#8212;&#8212;&#8212;&#8212;&#8212;&#8212;&#8212;&#8212;&#8212;&#8212;&#8212;&#8212;&#8212;&#8212;&#8212;&#8212;&#8212;&#8212;&#8212;&#8212;&#8212;&#8212;&#8212;&#8212;&#8212;&#8212;&#8212;&#8212;&#8212;&#8212;&#8212;&#8212;&#8212;&#8212;<\/p>\n\n\n\n<p><\/p>\n\n\n\n<p><\/p>\n\n\n\n<p class=\"has-vivid-red-color has-text-color has-large-font-size\">\u00ab\u00a0AFRICAN MEMORIES\u00a0\u00bb, aux \u00e9ditions Loco<\/p>\n\n\n\n<figure class=\"wp-block-image size-large\"><a href=\"https:\/\/www.jcbechet.com\/wp-content\/uploads\/2024\/09\/Mp_African-Memories_Couv_Ext_02-copie-1.jpg\"><img loading=\"lazy\" decoding=\"async\" width=\"1024\" height=\"619\" src=\"https:\/\/www.jcbechet.com\/wp-content\/uploads\/2024\/09\/Mp_African-Memories_Couv_Ext_02-copie-1-1024x619.jpg\" alt=\"\" class=\"wp-image-6390\" srcset=\"https:\/\/www.jcbechet.com\/wp-content\/uploads\/2024\/09\/Mp_African-Memories_Couv_Ext_02-copie-1-1024x619.jpg 1024w, https:\/\/www.jcbechet.com\/wp-content\/uploads\/2024\/09\/Mp_African-Memories_Couv_Ext_02-copie-1-300x181.jpg 300w, https:\/\/www.jcbechet.com\/wp-content\/uploads\/2024\/09\/Mp_African-Memories_Couv_Ext_02-copie-1-768x464.jpg 768w, https:\/\/www.jcbechet.com\/wp-content\/uploads\/2024\/09\/Mp_African-Memories_Couv_Ext_02-copie-1-1536x928.jpg 1536w, https:\/\/www.jcbechet.com\/wp-content\/uploads\/2024\/09\/Mp_African-Memories_Couv_Ext_02-copie-1.jpg 1767w\" sizes=\"(max-width: 1024px) 100vw, 1024px\" \/><\/a><\/figure>\n\n\n\n<p><\/p>\n\n\n\n<figure class=\"wp-block-image size-large\"><a href=\"https:\/\/www.jcbechet.com\/wp-content\/uploads\/2024\/04\/NEWS-AVRIL.jpg\"><img loading=\"lazy\" decoding=\"async\" width=\"1024\" height=\"258\" src=\"https:\/\/www.jcbechet.com\/wp-content\/uploads\/2024\/04\/NEWS-AVRIL-1024x258.jpg\" alt=\"\" class=\"wp-image-6364\" srcset=\"https:\/\/www.jcbechet.com\/wp-content\/uploads\/2024\/04\/NEWS-AVRIL-1024x258.jpg 1024w, https:\/\/www.jcbechet.com\/wp-content\/uploads\/2024\/04\/NEWS-AVRIL-300x76.jpg 300w, https:\/\/www.jcbechet.com\/wp-content\/uploads\/2024\/04\/NEWS-AVRIL-768x193.jpg 768w, https:\/\/www.jcbechet.com\/wp-content\/uploads\/2024\/04\/NEWS-AVRIL.jpg 1191w\" sizes=\"(max-width: 1024px) 100vw, 1024px\" \/><\/a><\/figure>\n\n\n\n<p class=\"has-medium-font-size\"><\/p>\n\n\n\n<p class=\"has-medium-font-size\"><strong>\u00ab&nbsp;<strong>AFRICAN MEMORIES&nbsp;<\/strong>\u00bb<\/strong> aux \u00e9ditions Loco <br>144 Pages \/ 108 photos \/ 45 Euros <br>\u00c9dition avec un tirage limit\u00e9 et sign\u00e9 : 160 E<br>\u00c9dition Collector en coffret avec calques et tirage limit\u00e9 sign\u00e9 : 260 E<br><br>Cameroun, Mali, Niger, Burkina Faso, Nig\u00e9ria, Alg\u00e9rie\u2026<br>Mes premi\u00e8res ann\u00e9es photographiques ont \u00e9t\u00e9 africaines<br><br>Deux longs voyages en 1987 et 1990 (dont une travers\u00e9e du Sahara) ont encadr\u00e9<br>un s\u00e9jour de plus de 18 mois \u00e0 Yaound\u00e9 et Garoua.<br>Entre 1987 et 1990, j\u2019ai r\u00e9alis\u00e9 53 films 24&#215;36 (au Minolta X700)<br>et 26 films 120 (en 6&#215;6 au Rolleiflex Tessar), soit environ 2220 vues noir et blanc.<br><br>J\u2019ai repris toutes les planches contact et refait un nouvel \u00e9diting<br>pour concevoir un livre original et singulier, documentaire, po\u00e9tique et autobiographique.<\/p>\n\n\n\n<p class=\"has-medium-font-size\">(Commande aupr\u00e8s de l&rsquo;auteur : jcbechet@gmail.com)<br><\/p>\n\n\n\n<p class=\"has-medium-font-size\"><br><\/p>\n\n\n\n<p><\/p>\n\n\n\n<p>&#8212;&#8212;&#8212;&#8212;&#8212;&#8212;&#8212;&#8212;&#8212;&#8212;&#8212;&#8212;&#8212;&#8212;&#8212;&#8212;&#8212;&#8212;&#8212;&#8212;&#8212;&#8212;&#8212;&#8212;&#8212;&#8212;&#8212;&#8212;&#8212;&#8212;&#8212;&#8212;&#8212;&#8212;&#8212;&#8212;&#8212;&#8212;&#8212;&#8212;&#8212;&#8212;&#8212;&#8212;&#8212;&#8212;<\/p>\n\n\n\n<h4 class=\"wp-block-heading\"><strong><span style=\"color: #ff0000;\"> <\/span><\/strong><\/h4>\n\n\n\n<p><strong><br><\/strong><\/p>\n\n\n\n<p>&#8212;&#8212;&#8212;&#8212;&#8212;&#8212;&#8212;&#8212;&#8212;&#8212;&#8212;&#8212;&#8212;&#8212;&#8212;&#8212;&#8212;&#8212;&#8212;&#8212;&#8212;&#8212;&#8212;&#8212;&#8212;&#8212;&#8212;&#8212;&#8212;&#8212;&#8212;&#8212;&#8212;&#8212;&#8212;&#8212;&#8212;&#8212;&#8212;&#8212;&#8212;&#8212;&#8212;&#8212;&#8212;&#8212;&#8212;&#8212;&#8212;&#8212;&#8212;&#8212;&#8212;&#8212;&#8212;&#8212;&#8212;&#8212;-<\/p>\n","protected":false},"excerpt":{"rendered":"<p>Deux nouveaux livres : RIO PRAIA &amp; RIO CENTRO RIO PRAIA \/ RIO CENTRO aux \u00c9ditions Loco Sortie en librairie le 17 octobre 2025Soir\u00e9e de remise aux souscripteurs du crowdfunding le 9 Octobre \u00e0&#46;&#46;&#46;<\/p>\n","protected":false},"author":1,"featured_media":0,"parent":0,"menu_order":0,"comment_status":"closed","ping_status":"closed","template":"","meta":{"footnotes":""},"class_list":["post-2472","page","type-page","status-publish","hentry"],"_links":{"self":[{"href":"https:\/\/www.jcbechet.com\/index.php?rest_route=\/wp\/v2\/pages\/2472"}],"collection":[{"href":"https:\/\/www.jcbechet.com\/index.php?rest_route=\/wp\/v2\/pages"}],"about":[{"href":"https:\/\/www.jcbechet.com\/index.php?rest_route=\/wp\/v2\/types\/page"}],"author":[{"embeddable":true,"href":"https:\/\/www.jcbechet.com\/index.php?rest_route=\/wp\/v2\/users\/1"}],"replies":[{"embeddable":true,"href":"https:\/\/www.jcbechet.com\/index.php?rest_route=%2Fwp%2Fv2%2Fcomments&post=2472"}],"version-history":[{"count":43,"href":"https:\/\/www.jcbechet.com\/index.php?rest_route=\/wp\/v2\/pages\/2472\/revisions"}],"predecessor-version":[{"id":7191,"href":"https:\/\/www.jcbechet.com\/index.php?rest_route=\/wp\/v2\/pages\/2472\/revisions\/7191"}],"wp:attachment":[{"href":"https:\/\/www.jcbechet.com\/index.php?rest_route=%2Fwp%2Fv2%2Fmedia&parent=2472"}],"curies":[{"name":"wp","href":"https:\/\/api.w.org\/{rel}","templated":true}]}}